{"id":268,"date":"2022-01-27T18:51:11","date_gmt":"2022-01-27T17:51:11","guid":{"rendered":"https:\/\/cabaretwallon.be\/index.php\/mesmerize\/"},"modified":"2026-08-15T13:57:05","modified_gmt":"2026-08-15T11:57:05","slug":"mesmerize","status":"publish","type":"page","link":"https:\/\/cabaretwallon.be\/","title":{"rendered":"Front Page"},"content":{"rendered":"\t\t<div data-elementor-type=\"wp-page\" data-elementor-id=\"268\" class=\"elementor elementor-268\">\n\t\t\t\t\t\t<section class=\"elementor-section elementor-top-section elementor-element elementor-element-d9523c1 elementor-section-boxed elementor-section-height-default elementor-section-height-default\" data-id=\"d9523c1\" data-element_type=\"section\" data-e-type=\"section\">\n\t\t\t\t\t\t<div class=\"elementor-container elementor-column-gap-default\">\n\t\t\t\t\t<div class=\"elementor-column elementor-col-100 elementor-top-column elementor-element elementor-element-8221668\" data-id=\"8221668\" data-element_type=\"column\" data-e-type=\"column\">\n\t\t\t<div class=\"elementor-widget-wrap elementor-element-populated\">\n\t\t\t\t\t\t<div class=\"elementor-element elementor-element-22f94fb elementor-widget__width-initial elementor-widget elementor-widget-heading\" data-id=\"22f94fb\" data-element_type=\"widget\" data-e-type=\"widget\" data-widget_type=\"heading.default\">\n\t\t\t\t<div class=\"elementor-widget-container\">\n\t\t\t\t\t<h2 class=\"elementor-heading-title elementor-size-default\">La Royale Compagnie du Cabaret Wallon vous pr\u00e9sentera les Grands Cabarets 2026 \n<br>\n\" Commint qu'i va ?\" <\/br>\n<br>en la salle du Foyer Saint-Brice,<br> \nrue Duquesnoy 55  \u00e0 Tournai<br><br>Le vendredi 16 octobre 2026 \u00e0 20h <br>Le samedi 17 octobre 2026 \u00e0 20 h<br>     Le dimanche 18 octobre 2026 \u00e0 16 h<br>Le vendredi 23 octobre 2026 \u00e0 20 h<br>Le samedi 24 octobre 2026 \u00e0 20 h<br>Le dimanche 25 octobre 2026 \u00e0 16 h<br><br>Bienvenue \u00e0 toutes et \u00e0 tous ! <br><\/h2>\t\t\t\t<\/div>\n\t\t\t\t<\/div>\n\t\t\t\t\t<\/div>\n\t\t<\/div>\n\t\t\t\t\t<\/div>\n\t\t<\/section>\n\t\t\t\t<section class=\"elementor-section elementor-top-section elementor-element elementor-element-d5b063c elementor-section-boxed elementor-section-height-default elementor-section-height-default\" data-id=\"d5b063c\" data-element_type=\"section\" data-e-type=\"section\">\n\t\t\t\t\t\t<div class=\"elementor-container elementor-column-gap-default\">\n\t\t\t\t\t<div class=\"elementor-column elementor-col-100 elementor-top-column elementor-element elementor-element-0e3a736\" data-id=\"0e3a736\" data-element_type=\"column\" data-e-type=\"column\">\n\t\t\t<div class=\"elementor-widget-wrap\">\n\t\t\t\t\t\t\t<\/div>\n\t\t<\/div>\n\t\t\t\t\t<\/div>\n\t\t<\/section>\n\t\t\t\t<\/div>\n\t\t","protected":false},"excerpt":{"rendered":"<p>La Royale Compagnie du Cabaret Wallon vous pr\u00e9sentera les Grands Cabarets 2026 \u00a0\u00bb Commint qu&rsquo;i va ?\u00a0\u00bb en la salle du Foyer Saint-Brice, rue Duquesnoy 55 \u00e0 TournaiLe vendredi 16 octobre 2026 \u00e0 20h Le samedi 17 octobre 2026 \u00e0 20 h Le dimanche 18 octobre 2026 \u00e0 16 hLe vendredi 23 octobre 2026 \u00e0&hellip; <br \/> <a class=\"read-more\" href=\"https:\/\/cabaretwallon.be\/\">Read more<\/a><\/p>\n","protected":false},"author":1,"featured_media":0,"parent":0,"menu_order":0,"comment_status":"closed","ping_status":"closed","template":"page-templates\/homepage.php","meta":{"_bbp_topic_count":0,"_bbp_reply_count":0,"_bbp_total_topic_count":0,"_bbp_total_reply_count":0,"_bbp_voice_count":0,"_bbp_anonymous_reply_count":0,"_bbp_topic_count_hidden":0,"_bbp_reply_count_hidden":0,"_bbp_forum_subforum_count":0,"footnotes":""},"class_list":["post-268","page","type-page","status-publish","hentry"],"_links":{"self":[{"href":"https:\/\/cabaretwallon.be\/index.php\/wp-json\/wp\/v2\/pages\/268","targetHints":{"allow":["GET"]}}],"collection":[{"href":"https:\/\/cabaretwallon.be\/index.php\/wp-json\/wp\/v2\/pages"}],"about":[{"href":"https:\/\/cabaretwallon.be\/index.php\/wp-json\/wp\/v2\/types\/page"}],"author":[{"embeddable":true,"href":"https:\/\/cabaretwallon.be\/index.php\/wp-json\/wp\/v2\/users\/1"}],"replies":[{"embeddable":true,"href":"https:\/\/cabaretwallon.be\/index.php\/wp-json\/wp\/v2\/comments?post=268"}],"version-history":[{"count":53,"href":"https:\/\/cabaretwallon.be\/index.php\/wp-json\/wp\/v2\/pages\/268\/revisions"}],"predecessor-version":[{"id":1303,"href":"https:\/\/cabaretwallon.be\/index.php\/wp-json\/wp\/v2\/pages\/268\/revisions\/1303"}],"wp:attachment":[{"href":"https:\/\/cabaretwallon.be\/index.php\/wp-json\/wp\/v2\/media?parent=268"}],"curies":[{"name":"wp","href":"https:\/\/api.w.org\/{rel}","templated":true}]}}